{"id":2970,"date":"2013-09-25T14:01:07","date_gmt":"2013-09-25T14:01:07","guid":{"rendered":"http:\/\/demo.cactusthemes.com\/gameplan\/?page_id=2970"},"modified":"2022-10-10T21:54:09","modified_gmt":"2022-10-10T19:54:09","slug":"homepage-v2","status":"publish","type":"page","link":"https:\/\/www.laufclub-badkreuznach.de\/","title":{"rendered":"Startseite"},"content":{"rendered":"<div class=\"wpb-content-wrapper\"><p>[vc_row][vc_column][vc_column_text][\/vc_column_text][\/vc_column][\/vc_row][vc_row gap=&#8220;35&#8243; content_placement=&#8220;middle&#8220; paddingtop=&#8220;0&#8243; paddingbottom=&#8220;0&#8243; css=&#8220;.vc_custom_1474563465901{margin-top: 0px !important;margin-right: 0px !important;margin-bottom: 0px !important;margin-left: 0px !important;border-bottom-width: 0px !important;padding-right: 0px !important;padding-left: 0px !important;}&#8220;][vc_column css=&#8220;.vc_custom_1426673113843{padding-top: 0px !important;padding-right: 0px !important;padding-bottom: 0px !important;padding-left: 0px !important;}&#8220;][vc_column_text]<div class=\"promoboxnew \"><div class=\"promoboxnew-inner\"><div class=\"row\"><div class=\"promoboxnew-item span4\" style=\"background-image:url(https:\/\/www.laufclub-badkreuznach.de\/wp-content\/uploads\/2016\/08\/IMG_0748.jpg)\"><a href=\"https:\/\/www.laufclub-badkreuznach.de\/laufen\/\"><div class=\"promoboxnew-item-inner\"><h3 class=\"promoboxnew-item-heading\"><i class=\"icon-caret-left fa fa-caret-left\"><\/i>Laufen<\/h3><div class=\"promoboxnew-item-content\">Laufen bietet einerseits zu jeder Jahreszeit die M\u00f6glichkeit, in der Natur aktiv zu sein und andererseits&#8230;<\/div><\/div><\/a><\/div><div class=\"promoboxnew-item span4\" style=\"background-image:url(https:\/\/www.laufclub-badkreuznach.de\/wp-content\/uploads\/2013\/09\/tria1.jpg)\"><a href=\"https:\/\/www.laufclub-badkreuznach.de\/radfahren\/\"><div class=\"promoboxnew-item-inner\"><h3 class=\"promoboxnew-item-heading\"><i class=\"icon-caret-left fa fa-caret-left\"><\/i>Radfahren<\/h3><div class=\"promoboxnew-item-content\">Eine Rennradgruppe trifft sich 1-2 Mal pro Woche zu lockeren Trainings-\/ Ausfahrten unterschiedlicher L\u00e4nge &#8230;<\/div><\/div><\/a><\/div><div class=\"promoboxnew-item span4\" style=\"background-image:url(https:\/\/www.laufclub-badkreuznach.de\/wp-content\/uploads\/2013\/09\/IMG_0405.jpg)\"><a href=\"https:\/\/www.laufclub-badkreuznach.de\/schwimmen\/\"><div class=\"promoboxnew-item-inner\"><h3 class=\"promoboxnew-item-heading\"><i class=\"icon-caret-left fa fa-caret-left\"><\/i>Schwimmen<\/h3><div class=\"promoboxnew-item-content\">Schwimmen ist gesund und bietet eine willkommene Abwechslung &#8230;<\/div><\/div><\/a><\/div><\/div><\/div><\/div>[\/vc_column_text][\/vc_column][\/vc_row][vc_row gap=&#8220;35&#8243; content_placement=&#8220;middle&#8220; paddingtop=&#8220;0&#8243; paddingbottom=&#8220;0&#8243; css=&#8220;.vc_custom_1474563465901{margin-top: 0px !important;margin-right: 0px !important;margin-bottom: 0px !important;margin-left: 0px !important;border-bottom-width: 0px !important;padding-right: 0px !important;padding-left: 0px !important;}&#8220;][vc_column width=&#8220;2\/3&#8243; css=&#8220;.vc_custom_1426673113843{padding-top: 0px !important;padding-right: 0px !important;padding-bottom: 0px !important;padding-left: 0px !important;}&#8220;][vc_column_text]<div class=\"promoboxnew \"><div class=\"promoboxnew-inner\"><div class=\"row\"><div class=\"promoboxnew-item span6\" style=\"background-image:url(https:\/\/www.laufclub-badkreuznach.de\/wp-content\/uploads\/2013\/09\/IMG_1266.jpg)\"><a href=\"https:\/\/www.laufclub-badkreuznach.de\/nordic-walking\/\"><div class=\"promoboxnew-item-inner\"><h3 class=\"promoboxnew-item-heading\"><i class=\"icon-caret-left fa fa-caret-left\"><\/i>Nordic Walking<\/h3><div class=\"promoboxnew-item-content\">Nordic Walking\u00a0ist ein optimales Ganzk\u00f6rpertraining und kann generell von jeder Altersgruppe erlernt &#8230;<\/div><\/div><\/a><\/div><div class=\"promoboxnew-item span6\" style=\"background-image:url(https:\/\/www.laufclub-badkreuznach.de\/wp-content\/uploads\/2016\/08\/slider2.jpg)\"><a href=\"https:\/\/www.laufclub-badkreuznach.de\/triathlon\/\"><div class=\"promoboxnew-item-inner\"><h3 class=\"promoboxnew-item-heading\"><i class=\"icon-caret-left fa fa-caret-left\"><\/i>Triathlon<\/h3><div class=\"promoboxnew-item-content\">Triathlon ist eine Ausdauersportart, die die drei Disziplinen Schwimmen, Radfahren und Laufen vereinigt&#8230;<\/div><\/div><\/a><\/div><\/div><\/div><\/div>[\/vc_column_text][\/vc_column][\/vc_row][vc_row full_width=&#8220;0&#8243; paddingtop=&#8220;30&#8243; paddingbottom=&#8220;20&#8243; css=&#8220;.vc_custom_1410513885626{padding-bottom: 10px !important;}&#8220;][vc_column][vc_btn title=&#8220;Werner-Beisiegel-Lauf 2022&#8243; color=&#8220;sky&#8220; i_icon_fontawesome=&#8220;fas fa-angle-double-right&#8220; add_icon=&#8220;true&#8220; link=&#8220;url:https%3A%2F%2Fwww.laufclub-badkreuznach.de%2Fbeispiel%2F&#8220;][vc_single_image image=&#8220;7623&#8243; img_size=&#8220;large&#8220; alignment=&#8220;center&#8220;][\/vc_column][vc_column][vc_column_text]<div><style type=\"text\/css\" scoped=\"scoped\">\n\t\t\t\t#divider1555774838{padding-top:0px; padding-bottom:0px;}\n\t\t\t<\/style>\t\n\t\t\t\t\t\t\t<div class=\"row-fluid\">\n\t\t\t\t\t\t\t<div class=\"divider \" id=\"divider1555774838\">\n\t\t\t\t\t\t\t\t<div class=\"dotted4a\"><!-- --><\/div>\n\t\t\t\t\t\t\t<\/div>\n\t\t\t\t<\/div>[\/vc_column_text][vc_cta h2=&#8220;Werner Beisiegel Lauf&#8220; color=&#8220;orange&#8220; css_animation=&#8220;appear&#8220;]<div><style type=\"text\/css\" scoped=\"scoped\">\n\t\t\t\t#divider1598834727{padding-top:20px; padding-bottom:px;}\n\t\t\t<\/style>\n\t\t\t\t\t\t\t<div class=\"row-fluid\">\n\t\t\t\t\t\t\t<div class=\"divider \" id=\"divider1598834727\">\n\t\t\t\t\t\t\t\t<div class=\"dotted2\"><!-- --><\/div>\n\t\t\t\t\t\t\t<\/div>\n\t\t\t\t\t\t\t<\/div>\n\t\t\t\t<\/div>\n<div>\n<p>&nbsp;<\/p>\n<\/div>\n<div><\/div>\n<p>Hintergrund:<\/p>\n<p><strong>Werner Beisiegel war der &#8222;gro\u00dfe Gr\u00fcndervater&#8220; des Vereins.<\/strong>\u00a0Er war der ma\u00dfgebliche Initiator bei der Vereinsgr\u00fcndung im Jahre 1980 und dann 20 Jahre lang bis zu seinem Tod der gro\u00dfe Motor, Antreiber, Macher, K\u00fcmmerer, nat\u00fcrlich auch Vorsitzende etc. &#8230; Ohne Werner Beisiegel h\u00e4tte es diesen Verein so nie gegeben. Unter ihm erlebte der LC 80 in den 90-er Jahren seine gr\u00f6\u00dfte Bl\u00fcte, sowohl im l\u00e4uferischen Bereich als auch im damals neu aufkommenden Triathlon-Bereich.<\/p>\n<p class=\"bodytext\" style=\"text-align: left;\"><strong>Zu Werners Ehren wurde dann im Jahre 2002 &#8211; also schon 2 Jahre nach seinem Tod &#8211; der Werner-Beisiegel-Ged\u00e4chtnis-Lauf ins Leben gerufen.<\/strong><\/p>\n<p class=\"bodytext\" style=\"text-align: left;\">Die ersten Auflagen des Laufs fanden noch in\u00a0<strong>Winzenheim<\/strong>\u00a0statt. Die Strecke musste im Laufe der Jahre immer wieder ge\u00e4ndert werden. Die Resonanz mit nicht sonderlich ansprechender und teils sehr anspruchsvoller Streckenf\u00fchrung war akzeptabel, wenn auch nicht gerade \u00fcberw\u00e4ltigend.<\/p>\n<p class=\"bodytext\" style=\"text-align: left;\">Bedingt durch den Bau der neuen Umgehungsstra\u00dfe \u00fcber den &#8222;Hungrigen Wolf&#8220;, die unsere damalige Laufstrecke gekreuzt h\u00e4tte, war\u00a0<strong>im Jahr 2008<\/strong>\u00a0erneut eine Strecken\u00e4nderung notwendig geworden.<\/p>\n<p style=\"text-align: left;\">Der Wechsel auf die\u00a0<strong>neue Strecke in Bad M\u00fcnster am Stein-Ebernburg<\/strong>\u00a0zeigte sich als absoluter Gl\u00fccksgriff. Diese zum einen\u00a0<strong>landschaftlich \u00e4u\u00dferst ansprechende Strecke unterhalb des imposanten Rotenfels<\/strong>\u00a0und zum anderen &#8211; sportlich gesehen &#8211; auch\u00a0<strong>flache und schnelle ebene Strecke<\/strong>\u00a0auf dem RWE-Radweg zwischen der Friedensbr\u00fccke bei Ebernburg und dem Staussee bei Oberhausen kommt bei den L\u00e4ufern bestens an und erfreut sich Jahr f\u00fcr Jahr gro\u00dfer Beliebtheit. Kenner bezeichnen die Strecke als\u00a0<strong>eine der sch\u00f6nsten Laufstrecken Deutschlands<\/strong>.<br \/>\nEs werden Strecken von 5, 10 und 21,1 km (Halbmarathon) angeboten.<br \/>\nDie Strecke ist DLV-vermessen und somit bestenlistenf\u00e4hig.<\/p>\n<ul>\n<li style=\"text-align: left;\"><span style=\"font-family: verdana; font-size: small;\"><strong>Seit 2010<\/strong>\u00a0werden auch wieder\u00a0<strong>Bambini- und Sch\u00fclerl\u00e4ufe<\/strong>\u00a0angeboten.<\/span><\/li>\n<li style=\"text-align: left;\"><span style=\"font-family: verdana; font-size: small;\"><strong>Seit 2012<\/strong>\u00a0ist die Strecke\u00a0<strong>offiziell durch den DLV vermessen<\/strong>\u00a0und somit auch\u00a0<strong>bestenlistenf\u00e4hig<\/strong>.<\/span><\/li>\n<li style=\"text-align: left;\"><span style=\"font-family: verdana; font-size: small;\"><strong>In 2013\u00a0<\/strong>musste der Lauf wegen umfangreicher Bauma\u00dfnahmen abgesagt werden.<\/span><\/li>\n<li style=\"text-align: left;\"><span style=\"font-family: verdana; font-size: small;\"><strong>Seit 2014<\/strong> findet der Werner-Beisiegel-Ged\u00e4chtnislauf wieder statt<\/span><\/li>\n<\/ul>\n<p>[\/vc_cta][\/vc_column][\/vc_row][vc_row][vc_column][vc_column_text]<\/p>\n<p>&nbsp;<\/p>\n<p>[\/vc_column_text][vc_empty_space][\/vc_column][\/vc_row][vc_row css=&#8220;.vc_custom_1475230481950{margin-right: 10px !important;margin-left: 30px !important;}&#8220;][vc_column][vc_cta h2=&#8220;Der sonnt\u00e4gliche Lauftreff auf dem Kuhberg&#8220;]<\/p>\n<div class=\"article ui-droppable ui-sortable ui-sortable-disabled\">\n<p style=\"text-align: left;\">Herzst\u00fcck des Vereins ist der vom <strong><a href=\"http:\/\/www.deutscher-leichtathletik-verband.de\/index.php?SiteID=128\" target=\"_blank\" rel=\"noopener noreferrer\">Deutschen Leichtathletikverband<\/a> (DLV) anerkannte Lauftreff<\/strong>. Er findet immer <strong>sonntags, sowie an arbeitsfreien Feiertagen\u00a0<\/strong>auf dem <strong>Kuhberg<\/strong> statt.<br \/>\n<strong>Treffpunkt<\/strong> ist der Wanderparkplatz gegen\u00fcber dem &#8222;Forsthaus Spreitel&#8220;. P\u00fcnktlich um\u00a0<strong>9.00 Uhr<\/strong> geht es auf die Strecken von 7, 10, 13 oder 18 km. Je nach Absprache werden auch k\u00fcrzere oder l\u00e4ngere Strecken gelaufen. Auch einige Nordic Walker sind meist dabei.<br \/>\n<strong>Einsteiger<\/strong> werden von erfahrenen L\u00e4ufern begleitet, so dass keiner Angst haben muss, sich zu verlaufen oder alleine im Wald stehen gelassen zu werden.<br \/>\n<strong>Komm einfach mal vorbei! Einsteiger und G\u00e4ste sind jederzeit willkommen. Oder kommen Sie als Interessent einfach mal zu unserem anschlie\u00dfenden Stammtisch, um sich pers\u00f6nlich bei uns zu informieren&#8230;<\/strong><\/p>\n<p class=\"title font\" style=\"text-align: left;\"><strong>Der sonnt\u00e4gliche Stammtisch im Waldheim<\/strong><\/p>\n<p style=\"text-align: left;\">Im Anschluss an den Lauftreff gehts dann zum gem\u00fctlichen Teil ins nahe gelegene\u00a0<a href=\"http:\/\/www.das-neue-waldheim.de\/index.html\" target=\"_blank\" rel=\"noopener noreferrer\">Waldheim<\/a>, um die geleerten Speicher wieder rasch aufzuf\u00fcllen und aktuelle Themen zu bereden. Oder einfach nur, um zu plaudern, zu feiern und gemeinsam Spa\u00df zu haben. Und nebenbei werden noch weitere individuelle Verabredungen getroffen, wie beispielsweise zu gemeinsamen Radtouren etc.<\/p>\n<\/div>\n<p>[\/vc_cta][\/vc_column][\/vc_row][vc_row][vc_column][vc_gallery interval=&#8220;3&#8243; images=&#8220;6128,6110,6119,6135,5976,5972,6106,6121&#8243; img_size=&#8220;large&#8220;][\/vc_column][\/vc_row][vc_row css=&#8220;.vc_custom_1476798619584{margin-right: 10px !important;margin-left: 30px !important;}&#8220;][vc_column][vc_empty_space height=&#8220;64px&#8220;][\/vc_column][\/vc_row][vc_row][vc_column][vc_empty_space][\/vc_column][\/vc_row][vc_row css=&#8220;.vc_custom_1476798577259{margin-right: 10px !important;margin-left: 30px !important;}&#8220;][vc_column][vc_cta h2=&#8220;Neueste Beitr\u00e4ge&#8220; css=&#8220;.vc_custom_1476798567088{margin-bottom: -150px !important;}&#8220;]\t<style type=\"text\/css\">\n\t\t.svc_categories_filter_642 li a.active{color: !important;background: !important;}\n\t\t\/*for dropdown start*\/\n\t\t\/*for dropdown end*\/\n\t\tdiv.svc_post_grid_642 article{ background: !important;}\n\tdiv.svc_post_grid_642 article:hover{ background: !important;}\n\t\t\tdiv.svc_post_grid_642 article section p a.svc_title{color: !important;}\n\tdiv.svc_post_grid_642 article section p a.svc_title:hover{color: !important;}\n\t\tnav.svc_infinite_642 div.loading-spinner .ui-spinner .side .fill{ background: !important;}\n\t\t<\/style>\n\t<div class=\"svc_post_grid_list \">\n\t\t<div class=\"svc_mask \" id=\"svc_mask_642\">\n\t\t<div id=\"loader\"><\/div>\n\t<\/div>\n\n\t<div class=\"svc_post_grid_list_container \" id=\"svc_post_grid_list_container_642\">\n\t        <div class=\"svc_filter_main_div\">\n        \t\t\n        <\/div>\n        \t<div class=\"svc_post_grid svc_post_grid_s4 svc_post_grid_642 \" id=\"svc_post_grid_642\">\n\t\t\t<article class=\"element-item svc-col-md-6 svc-col-sm-6 svc-col-xs-12 svc-grid-cat-1 svc-grid-cat-154 svc-grid-cat-6 \" svc-animation=\"\" sort=\"\">\n\t\t\t\t  <header>\n\t\t\t<a href=\"https:\/\/www.laufclub-badkreuznach.de\/?p=7541\" target=\"_self\">\n\t\t\t\t<img loading=\"lazy\" decoding=\"async\" width=\"1920\" height=\"2560\" src=\"https:\/\/www.laufclub-badkreuznach.de\/wp-content\/uploads\/2021\/06\/IMG_0208-scaled.jpg\" class=\"svc_post_image\" alt=\"\" srcset=\"https:\/\/www.laufclub-badkreuznach.de\/wp-content\/uploads\/2021\/06\/IMG_0208-scaled.jpg 1920w, https:\/\/www.laufclub-badkreuznach.de\/wp-content\/uploads\/2021\/06\/IMG_0208-225x300.jpg 225w, https:\/\/www.laufclub-badkreuznach.de\/wp-content\/uploads\/2021\/06\/IMG_0208-768x1024.jpg 768w, https:\/\/www.laufclub-badkreuznach.de\/wp-content\/uploads\/2021\/06\/IMG_0208-1152x1536.jpg 1152w, https:\/\/www.laufclub-badkreuznach.de\/wp-content\/uploads\/2021\/06\/IMG_0208-1536x2048.jpg 1536w, https:\/\/www.laufclub-badkreuznach.de\/wp-content\/uploads\/2021\/06\/IMG_0208-624x832.jpg 624w\" sizes=\"auto, (max-width: 1920px) 100vw, 1920px\" \/>\t\t\t<\/a>\n            \t\t\t<a href=\"https:\/\/www.laufclub-badkreuznach.de\/wp-content\/uploads\/2021\/06\/IMG_0208-scaled.jpg\" class=\"svc_highres svc_highres_642\" title=\"Silvesterlauf Kuhberg 2025 Ergebnisse\" data-source=\"https:\/\/www.laufclub-badkreuznach.de\/wp-content\/uploads\/2021\/06\/IMG_0208-scaled.jpg\">\n\t\t  \t\t<i class=\"fa fa-arrows-alt\"><\/i>\n\t\t\t<\/a>\n            \t\t\t<a href=\"https:\/\/www.laufclub-badkreuznach.de\/?p=7541\" data-mfp-src=\"https:\/\/www.laufclub-badkreuznach.de\/wp-admin\/admin-ajax.php?action=svc_inline_post_popup&pid=7541&bgcolor=&line_color=&max_width=600&fi=\" class=\"svc_read ajax-popup-link ajax-popup-link-642\">\n\t\t  \t\t<i class=\"fa fa-file-text-o\"><\/i>\n\t\t\t<\/a>\n            \t\t  <\/header>\n\t\t\t\t  <section>\n\t\t\t<p><a href=\"https:\/\/www.laufclub-badkreuznach.de\/?p=7541\" target=\"_self\" class=\"svc_title\">Silvesterlauf Kuhberg 2025 Ergebnisse<\/a><\/p>\n\t\t\t<div class=\"svc_post_cat\"><a href=\"https:\/\/www.laufclub-badkreuznach.de\/?cat=1\">Allgemein<\/a><a href=\"https:\/\/www.laufclub-badkreuznach.de\/?cat=154\"> \/ Presse<\/a><a href=\"https:\/\/www.laufclub-badkreuznach.de\/?cat=6\"> \/ Sport<\/a><a href=\"https:\/\/www.laufclub-badkreuznach.de\/?p=7541\" data-mfp-src=\"https:\/\/www.laufclub-badkreuznach.de\/wp-admin\/admin-ajax.php?action=svc_inline_post_popup&pid=7541&bgcolor=&line_color=&max_width=600&fi=\" class=\"ajax-popup-link ajax-popup-link-642 pull-right\"><i class=\"fa fa-expand\"><\/i><\/a><\/div>\t\t\t<p class=\"svc_info\">Ausschreibungsflyer:Silvesterlauf Bad Kreuznach 2025\r\n\r\n\r\n\r\n\r\n\r\n\r\n\r\nErgebnisse:\r\nhttps:\/\/runtix.com\/sts\/10010\/silvesterlauf_bad_kreuznach_auf_dem_kuhberg_3\r\n\r\nStartzeiten:\r\n5 KM (ab U14) 9:50 Uhr\r\n10 KM (ab U16) 10:00 Uhrkostenfreie Teilnahme f\u00fcr Jugendliche JG 2007und j\u00fcnger<\/p>\n\t\t\t            <p class=\"svc_read_more_p\"><a href=\"https:\/\/www.laufclub-badkreuznach.de\/?p=7541\" class=\"svc_read_more\" target=\"_self\">\n\t\t\tmehr erfahren<\/a><\/p>\n\t\t  <\/section>\n\t\t\t\t<\/article>\n\t\t\t<article class=\"element-item svc-col-md-6 svc-col-sm-6 svc-col-xs-12 svc-grid-cat-1 svc-grid-cat-154 svc-grid-cat-6 \" svc-animation=\"\" sort=\"\">\n\t\t\t\t  <header>\n\t\t\t<a href=\"https:\/\/www.laufclub-badkreuznach.de\/?p=7640\" target=\"_self\">\n\t\t\t\t<img loading=\"lazy\" decoding=\"async\" width=\"630\" height=\"898\" src=\"https:\/\/www.laufclub-badkreuznach.de\/wp-content\/uploads\/2022\/10\/Silvesterlauf.jpg\" class=\"svc_post_image\" alt=\"\" srcset=\"https:\/\/www.laufclub-badkreuznach.de\/wp-content\/uploads\/2022\/10\/Silvesterlauf.jpg 630w, https:\/\/www.laufclub-badkreuznach.de\/wp-content\/uploads\/2022\/10\/Silvesterlauf-210x300.jpg 210w, https:\/\/www.laufclub-badkreuznach.de\/wp-content\/uploads\/2022\/10\/Silvesterlauf-624x889.jpg 624w\" sizes=\"auto, (max-width: 630px) 100vw, 630px\" \/>\t\t\t<\/a>\n            \t\t\t<a href=\"https:\/\/www.laufclub-badkreuznach.de\/wp-content\/uploads\/2022\/10\/Silvesterlauf.jpg\" class=\"svc_highres svc_highres_642\" title=\"Olaf Paare erster erfolgreicher Marathon In Hannover\" data-source=\"https:\/\/www.laufclub-badkreuznach.de\/wp-content\/uploads\/2022\/10\/Silvesterlauf.jpg\">\n\t\t  \t\t<i class=\"fa fa-arrows-alt\"><\/i>\n\t\t\t<\/a>\n            \t\t\t<a href=\"https:\/\/www.laufclub-badkreuznach.de\/?p=7640\" data-mfp-src=\"https:\/\/www.laufclub-badkreuznach.de\/wp-admin\/admin-ajax.php?action=svc_inline_post_popup&pid=7640&bgcolor=&line_color=&max_width=600&fi=\" class=\"svc_read ajax-popup-link ajax-popup-link-642\">\n\t\t  \t\t<i class=\"fa fa-file-text-o\"><\/i>\n\t\t\t<\/a>\n            \t\t  <\/header>\n\t\t\t\t  <section>\n\t\t\t<p><a href=\"https:\/\/www.laufclub-badkreuznach.de\/?p=7640\" target=\"_self\" class=\"svc_title\">Olaf Paare erster erfolgreicher Marathon In Hannover<\/a><\/p>\n\t\t\t<div class=\"svc_post_cat\"><a href=\"https:\/\/www.laufclub-badkreuznach.de\/?cat=1\">Allgemein<\/a><a href=\"https:\/\/www.laufclub-badkreuznach.de\/?cat=154\"> \/ Presse<\/a><a href=\"https:\/\/www.laufclub-badkreuznach.de\/?cat=6\"> \/ Sport<\/a><a href=\"https:\/\/www.laufclub-badkreuznach.de\/?p=7640\" data-mfp-src=\"https:\/\/www.laufclub-badkreuznach.de\/wp-admin\/admin-ajax.php?action=svc_inline_post_popup&pid=7640&bgcolor=&line_color=&max_width=600&fi=\" class=\"ajax-popup-link ajax-popup-link-642 pull-right\"><i class=\"fa fa-expand\"><\/i><\/a><\/div>\t\t\t<p class=\"svc_info\">Beim ADAC Hannover Marathon hat Olaf seinen ersten Marathon erfolgreich beendet.\r\n\r\nIn der Zeit von 4:02:40 h wurde der 33. Platz in der Klasse M50 der deutschen Meisterschaften erreicht.\r\n\r\nWeiter so. Herzliche Gratulation\r\n\r\n&nbsp;\r\n\r\n&nbsp;\r\n\r\n<\/p>\n\t\t\t            <p class=\"svc_read_more_p\"><a href=\"https:\/\/www.laufclub-badkreuznach.de\/?p=7640\" class=\"svc_read_more\" target=\"_self\">\n\t\t\tmehr erfahren<\/a><\/p>\n\t\t  <\/section>\n\t\t\t\t<\/article>\n\t\t\t<article class=\"element-item svc-col-md-6 svc-col-sm-6 svc-col-xs-12 svc-grid-cat-1 svc-grid-cat-154 svc-grid-cat-6 \" svc-animation=\"\" sort=\"\">\n\t\t\t\t  <section>\n\t\t\t<p><a href=\"https:\/\/www.laufclub-badkreuznach.de\/?p=7419\" target=\"_self\" class=\"svc_title\">Sehr erfolgreiche LC 80 Bilanz beim Nahetalauf 2026<\/a><\/p>\n\t\t\t<div class=\"svc_post_cat\"><a href=\"https:\/\/www.laufclub-badkreuznach.de\/?cat=1\">Allgemein<\/a><a href=\"https:\/\/www.laufclub-badkreuznach.de\/?cat=154\"> \/ Presse<\/a><a href=\"https:\/\/www.laufclub-badkreuznach.de\/?cat=6\"> \/ Sport<\/a><a href=\"https:\/\/www.laufclub-badkreuznach.de\/?p=7419\" data-mfp-src=\"https:\/\/www.laufclub-badkreuznach.de\/wp-admin\/admin-ajax.php?action=svc_inline_post_popup&pid=7419&bgcolor=&line_color=&max_width=600&fi=\" class=\"ajax-popup-link ajax-popup-link-642 pull-right\"><i class=\"fa fa-expand\"><\/i><\/a><\/div>\t\t\t<p class=\"svc_info\">\r\nMit 9 Startern war der LC 80 beim diesj\u00e4hrigen Nahelandlauf auf allen drei angebotenen Strecken vertreten.\r\nDie Bilanz kann sich sehen lassen:\r\nIm HM kamen 4 von 6 Startern aufs \"Treppchen\", Christoph Landvogt sogar in der Gesamtwertung von 202 Startern auf den 3. Platz.\r\nSehr erfreulich ist auch, dass unsere jungen Mitglieder Noah Becelic und Ole Rogo\u00df in der U20 bei ihrer...<\/p>\n\t\t\t            <p class=\"svc_read_more_p\"><a href=\"https:\/\/www.laufclub-badkreuznach.de\/?p=7419\" class=\"svc_read_more\" target=\"_self\">\n\t\t\tmehr erfahren<\/a><\/p>\n\t\t  <\/section>\n\t\t\t\t<\/article>\n\t\t\t<article class=\"element-item svc-col-md-6 svc-col-sm-6 svc-col-xs-12 svc-grid-cat-1 svc-grid-cat-154 svc-grid-cat-6 \" svc-animation=\"\" sort=\"\">\n\t\t\t\t  <section>\n\t\t\t<p><a href=\"https:\/\/www.laufclub-badkreuznach.de\/?p=7269\" target=\"_self\" class=\"svc_title\">Lauftreff auf dem Kuhberg<\/a><\/p>\n\t\t\t<div class=\"svc_post_cat\"><a href=\"https:\/\/www.laufclub-badkreuznach.de\/?cat=1\">Allgemein<\/a><a href=\"https:\/\/www.laufclub-badkreuznach.de\/?cat=154\"> \/ Presse<\/a><a href=\"https:\/\/www.laufclub-badkreuznach.de\/?cat=6\"> \/ Sport<\/a><a href=\"https:\/\/www.laufclub-badkreuznach.de\/?p=7269\" data-mfp-src=\"https:\/\/www.laufclub-badkreuznach.de\/wp-admin\/admin-ajax.php?action=svc_inline_post_popup&pid=7269&bgcolor=&line_color=&max_width=600&fi=\" class=\"ajax-popup-link ajax-popup-link-642 pull-right\"><i class=\"fa fa-expand\"><\/i><\/a><\/div>\t\t\t<p class=\"svc_info\">Trainingszeiten :\r\n\r\nSonntag 9 Uhr auf dem Parkplatz Spreitel\r\n\r\nStrecken : 10-17 km, es darf auch ewtas l\u00e4nger sein\r\n\r\nDonnerstag (inoffiziell) 8 Uhr Parkplatz Spreitel 10 km\r\n\r\n&nbsp;<\/p>\n\t\t\t            <p class=\"svc_read_more_p\"><a href=\"https:\/\/www.laufclub-badkreuznach.de\/?p=7269\" class=\"svc_read_more\" target=\"_self\">\n\t\t\tmehr erfahren<\/a><\/p>\n\t\t  <\/section>\n\t\t\t\t<\/article>\n\t\t\t<article class=\"element-item svc-col-md-6 svc-col-sm-6 svc-col-xs-12 svc-grid-cat-1 svc-grid-cat-154 svc-grid-cat-6 \" svc-animation=\"\" sort=\"\">\n\t\t\t\t  <section>\n\t\t\t<p><a href=\"https:\/\/www.laufclub-badkreuznach.de\/?p=7267\" target=\"_self\" class=\"svc_title\">Mehrtages-Rennradtour im Sommer abgesagt<\/a><\/p>\n\t\t\t<div class=\"svc_post_cat\"><a href=\"https:\/\/www.laufclub-badkreuznach.de\/?cat=1\">Allgemein<\/a><a href=\"https:\/\/www.laufclub-badkreuznach.de\/?cat=154\"> \/ Presse<\/a><a href=\"https:\/\/www.laufclub-badkreuznach.de\/?cat=6\"> \/ Sport<\/a><a href=\"https:\/\/www.laufclub-badkreuznach.de\/?p=7267\" data-mfp-src=\"https:\/\/www.laufclub-badkreuznach.de\/wp-admin\/admin-ajax.php?action=svc_inline_post_popup&pid=7267&bgcolor=&line_color=&max_width=600&fi=\" class=\"ajax-popup-link ajax-popup-link-642 pull-right\"><i class=\"fa fa-expand\"><\/i><\/a><\/div>\t\t\t<p class=\"svc_info\">Aufgrund der unverhersehbaren Entwicklung des Coronavisurs und die damit verbundene \u00d6ffnunf der Grenzen, mussten wir unsere j\u00e4hrliche Rennradtour bedauerlicherweise absagen. Wir bleiben positiv und hoffen auf das n\u00e4chste Jahr!<\/p>\n\t\t\t            <p class=\"svc_read_more_p\"><a href=\"https:\/\/www.laufclub-badkreuznach.de\/?p=7267\" class=\"svc_read_more\" target=\"_self\">\n\t\t\tmehr erfahren<\/a><\/p>\n\t\t  <\/section>\n\t\t\t\t<\/article>\n\t\t\t<article class=\"element-item svc-col-md-6 svc-col-sm-6 svc-col-xs-12 svc-grid-cat-1 svc-grid-cat-154 svc-grid-cat-6 \" svc-animation=\"\" sort=\"\">\n\t\t\t\t  <section>\n\t\t\t<p><a href=\"https:\/\/www.laufclub-badkreuznach.de\/?p=7210\" target=\"_self\" class=\"svc_title\">Schwimmtraining donnerstags wird bis auf Weiteres leider ausfallen<\/a><\/p>\n\t\t\t<div class=\"svc_post_cat\"><a href=\"https:\/\/www.laufclub-badkreuznach.de\/?cat=1\">Allgemein<\/a><a href=\"https:\/\/www.laufclub-badkreuznach.de\/?cat=154\"> \/ Presse<\/a><a href=\"https:\/\/www.laufclub-badkreuznach.de\/?cat=6\"> \/ Sport<\/a><a href=\"https:\/\/www.laufclub-badkreuznach.de\/?p=7210\" data-mfp-src=\"https:\/\/www.laufclub-badkreuznach.de\/wp-admin\/admin-ajax.php?action=svc_inline_post_popup&pid=7210&bgcolor=&line_color=&max_width=600&fi=\" class=\"ajax-popup-link ajax-popup-link-642 pull-right\"><i class=\"fa fa-expand\"><\/i><\/a><\/div>\t\t\t<p class=\"svc_info\"><\/p>\n\t\t\t            <p class=\"svc_read_more_p\"><a href=\"https:\/\/www.laufclub-badkreuznach.de\/?p=7210\" class=\"svc_read_more\" target=\"_self\">\n\t\t\tmehr erfahren<\/a><\/p>\n\t\t  <\/section>\n\t\t\t\t<\/article>\n\t\t\t<article class=\"element-item svc-col-md-6 svc-col-sm-6 svc-col-xs-12 svc-grid-cat-1 svc-grid-cat-154 svc-grid-cat-6 \" svc-animation=\"\" sort=\"\">\n\t\t\t\t  <section>\n\t\t\t<p><a href=\"https:\/\/www.laufclub-badkreuznach.de\/?p=7208\" target=\"_self\" class=\"svc_title\">Ausfall des Werner-Beisiegel-Laufs<\/a><\/p>\n\t\t\t<div class=\"svc_post_cat\"><a href=\"https:\/\/www.laufclub-badkreuznach.de\/?cat=1\">Allgemein<\/a><a href=\"https:\/\/www.laufclub-badkreuznach.de\/?cat=154\"> \/ Presse<\/a><a href=\"https:\/\/www.laufclub-badkreuznach.de\/?cat=6\"> \/ Sport<\/a><a href=\"https:\/\/www.laufclub-badkreuznach.de\/?p=7208\" data-mfp-src=\"https:\/\/www.laufclub-badkreuznach.de\/wp-admin\/admin-ajax.php?action=svc_inline_post_popup&pid=7208&bgcolor=&line_color=&max_width=600&fi=\" class=\"ajax-popup-link ajax-popup-link-642 pull-right\"><i class=\"fa fa-expand\"><\/i><\/a><\/div>\t\t\t<p class=\"svc_info\">Leider gibt es schlechte Neuigkeiten.\r\n\r\nVor dem Hintergrund der weiter ansteigenden Zahl infizierter Menschen im Land und auch der j\u00fcngsten Entwicklung in unserer Region haben wir uns entschieden, die Veranstaltung abzusagen.\r\n\r\nDie weitere Entwicklung ist nicht vorherzusehen und damit auch nicht, welchen Risiken wir die Teilnehmer - mittelbar weitere Personen - und nat\u00fcrlich auch uns selbst am 19.4. aussetzen w\u00fcrden.\r\n\r\nWir danken...<\/p>\n\t\t\t            <p class=\"svc_read_more_p\"><a href=\"https:\/\/www.laufclub-badkreuznach.de\/?p=7208\" class=\"svc_read_more\" target=\"_self\">\n\t\t\tmehr erfahren<\/a><\/p>\n\t\t  <\/section>\n\t\t\t\t<\/article>\n\t\t\t<article class=\"element-item svc-col-md-6 svc-col-sm-6 svc-col-xs-12 svc-grid-cat-1 svc-grid-cat-154 svc-grid-cat-6 \" svc-animation=\"\" sort=\"\">\n\t\t\t\t  <section>\n\t\t\t<p><a href=\"https:\/\/www.laufclub-badkreuznach.de\/?p=7170\" target=\"_self\" class=\"svc_title\">Christina Devinast l\u00e4uft bei bestem Wetter \u00fcber die Zielinie des Frankfurter Halbmarathon<\/a><\/p>\n\t\t\t<div class=\"svc_post_cat\"><a href=\"https:\/\/www.laufclub-badkreuznach.de\/?cat=1\">Allgemein<\/a><a href=\"https:\/\/www.laufclub-badkreuznach.de\/?cat=154\"> \/ Presse<\/a><a href=\"https:\/\/www.laufclub-badkreuznach.de\/?cat=6\"> \/ Sport<\/a><a href=\"https:\/\/www.laufclub-badkreuznach.de\/?p=7170\" data-mfp-src=\"https:\/\/www.laufclub-badkreuznach.de\/wp-admin\/admin-ajax.php?action=svc_inline_post_popup&pid=7170&bgcolor=&line_color=&max_width=600&fi=\" class=\"ajax-popup-link ajax-popup-link-642 pull-right\"><i class=\"fa fa-expand\"><\/i><\/a><\/div>\t\t\t<p class=\"svc_info\">Beim 18. mainova\/ spiridon halbmarathon in Frankfurt am 08.03.20 startet christina Devinast zusammen mit 6.300 Startern und \u00fcber 6.240 Finishern im Commerzbank Stadion Niederrath. Bei bestem Wetter ( 8-10 grad und trockenen Temperaturen ) schafft sie die schnelle Strecke die \u00fcber den Stadtwald durch die Innenstadt und am Mainufer entlang zur\u00fcck zum Stadion f\u00fchrt in 1:51h als Altersklassen 66....<\/p>\n\t\t\t            <p class=\"svc_read_more_p\"><a href=\"https:\/\/www.laufclub-badkreuznach.de\/?p=7170\" class=\"svc_read_more\" target=\"_self\">\n\t\t\tmehr erfahren<\/a><\/p>\n\t\t  <\/section>\n\t\t\t\t<\/article>\n\t\t\t<article class=\"element-item svc-col-md-6 svc-col-sm-6 svc-col-xs-12 svc-grid-cat-1 svc-grid-cat-154 svc-grid-cat-6 \" svc-animation=\"\" sort=\"\">\n\t\t\t\t  <section>\n\t\t\t<p><a href=\"https:\/\/www.laufclub-badkreuznach.de\/?p=7065\" target=\"_self\" class=\"svc_title\">28 Finisher vom LC 80 beim Silvester-Crosslauf auf dem Kuhberg<\/a><\/p>\n\t\t\t<div class=\"svc_post_cat\"><a href=\"https:\/\/www.laufclub-badkreuznach.de\/?cat=1\">Allgemein<\/a><a href=\"https:\/\/www.laufclub-badkreuznach.de\/?cat=154\"> \/ Presse<\/a><a href=\"https:\/\/www.laufclub-badkreuznach.de\/?cat=6\"> \/ Sport<\/a><a href=\"https:\/\/www.laufclub-badkreuznach.de\/?p=7065\" data-mfp-src=\"https:\/\/www.laufclub-badkreuznach.de\/wp-admin\/admin-ajax.php?action=svc_inline_post_popup&pid=7065&bgcolor=&line_color=&max_width=600&fi=\" class=\"ajax-popup-link ajax-popup-link-642 pull-right\"><i class=\"fa fa-expand\"><\/i><\/a><\/div>\t\t\t<p class=\"svc_info\">Am 31. Dezember ist es im Verein Tradition das Jahr mit dem Silvester-Crosslauf teilzunehmen und danach das L\u00e4uferjahr gem\u00fctlich im Waldheim abzuschlie\u00dfen. Diesmal ging es \u00fcber gefrohrenen Stock und Stein. Hervorragende Ergebnisse lieferten vor allem auf den 5km Cornelia Schmitt mit einer Zeit von 24:02min und auf den 10km Christoph Landvogt mit einer Zeit von 41:16min.<\/p>\n\t\t\t            <p class=\"svc_read_more_p\"><a href=\"https:\/\/www.laufclub-badkreuznach.de\/?p=7065\" class=\"svc_read_more\" target=\"_self\">\n\t\t\tmehr erfahren<\/a><\/p>\n\t\t  <\/section>\n\t\t\t\t<\/article>\n\t\t\t<article class=\"element-item svc-col-md-6 svc-col-sm-6 svc-col-xs-12 svc-grid-cat-1 svc-grid-cat-154 svc-grid-cat-6 \" svc-animation=\"\" sort=\"\">\n\t\t\t\t  <section>\n\t\t\t<p><a href=\"https:\/\/www.laufclub-badkreuznach.de\/?p=6982\" target=\"_self\" class=\"svc_title\">Marcel Remmert und Laura Schneider beim Frankfurt Marathon<\/a><\/p>\n\t\t\t<div class=\"svc_post_cat\"><a href=\"https:\/\/www.laufclub-badkreuznach.de\/?cat=1\">Allgemein<\/a><a href=\"https:\/\/www.laufclub-badkreuznach.de\/?cat=154\"> \/ Presse<\/a><a href=\"https:\/\/www.laufclub-badkreuznach.de\/?cat=6\"> \/ Sport<\/a><a href=\"https:\/\/www.laufclub-badkreuznach.de\/?p=6982\" data-mfp-src=\"https:\/\/www.laufclub-badkreuznach.de\/wp-admin\/admin-ajax.php?action=svc_inline_post_popup&pid=6982&bgcolor=&line_color=&max_width=600&fi=\" class=\"ajax-popup-link ajax-popup-link-642 pull-right\"><i class=\"fa fa-expand\"><\/i><\/a><\/div>\t\t\t<p class=\"svc_info\">Eine Stunde l\u00e4nger Schlaf hat man gew\u00f6hnlich vor dem Frankfurt Marathon, der am Tag nach dem Wechsel in die Winterzeit startet. So konnte entspannt angereist und Schuhe geschn\u00fcrrt werden. Schon an der Startlinie zog ein k\u00fchler Wind und alle warteten sehnlichst darauf, dass es losging. Der Startschuss fiehl und ein riesiges L\u00e4uferfeld setzte sich in Gang. Auf der ersten...<\/p>\n\t\t\t            <p class=\"svc_read_more_p\"><a href=\"https:\/\/www.laufclub-badkreuznach.de\/?p=6982\" class=\"svc_read_more\" target=\"_self\">\n\t\t\tmehr erfahren<\/a><\/p>\n\t\t  <\/section>\n\t\t\t\t<\/article>\n\t\t<\/div>\n\t    \n\t\t<form id=\"svc_form_load_more_642\">\n\t\t<input type=\"hidden\" name=\"attr\" value=\"Array\" id=\"attr_642\"\/><input type=\"hidden\" name=\"content\" value=\"\" id=\"content_642\"\/><input type=\"hidden\" name=\"query_loop\" value=\"size:10|order_by:date|order:DESC|post_type:,post|categories:6\" id=\"query_loop_642\"\/><input type=\"hidden\" name=\"exclude_texo\" value=\"\" id=\"exclude_texo_642\"\/><input type=\"hidden\" name=\"ajax\" value=\"0\" id=\"ajax_642\"\/><input type=\"hidden\" name=\"svc_grid_id\" value=\"642\" id=\"svc_grid_id_642\"\/><input type=\"hidden\" name=\"filter_text_color\" value=\"\" id=\"filter_text_color_642\"\/><input type=\"hidden\" name=\"filter_text_active_color\" value=\"\" id=\"filter_text_active_color_642\"\/><input type=\"hidden\" name=\"filter_text_active_bgcolor\" value=\"\" id=\"filter_text_active_bgcolor_642\"\/><input type=\"hidden\" name=\"grid_list_filter\" value=\"\" id=\"grid_list_filter_642\"\/><input type=\"hidden\" name=\"skin_type\" value=\"s4\" id=\"skin_type_642\"\/><input type=\"hidden\" name=\"ps8_bgcolor\" value=\"\" id=\"ps8_bgcolor_642\"\/><input type=\"hidden\" name=\"ps8o_bgcolor\" value=\"\" id=\"ps8o_bgcolor_642\"\/><input type=\"hidden\" name=\"pbgcolor\" value=\"\" id=\"pbgcolor_642\"\/><input type=\"hidden\" name=\"pbghcolor\" value=\"\" id=\"pbghcolor_642\"\/><input type=\"hidden\" name=\"line_color\" value=\"\" id=\"line_color_642\"\/><input type=\"hidden\" name=\"tcolor\" value=\"\" id=\"tcolor_642\"\/><input type=\"hidden\" name=\"thcolor\" value=\"\" id=\"thcolor_642\"\/><input type=\"hidden\" name=\"s5_min_height\" value=\"150\" id=\"s5_min_height_642\"\/><input type=\"hidden\" name=\"load_more_color\" value=\"\" id=\"load_more_color_642\"\/><input type=\"hidden\" name=\"pagination_bgcolor\" value=\"\" id=\"pagination_bgcolor_642\"\/><input type=\"hidden\" name=\"pagination_active_bgcolor\" value=\"\" id=\"pagination_active_bgcolor_642\"\/><input type=\"hidden\" name=\"pagination_number_color\" value=\"\" id=\"pagination_number_color_642\"\/><input type=\"hidden\" name=\"svc_type\" value=\"post_layout\" id=\"svc_type_642\"\/><input type=\"hidden\" name=\"car_navigation_color\" value=\"\" id=\"car_navigation_color_642\"\/><input type=\"hidden\" name=\"car_loadmore\" value=\"\" id=\"car_loadmore_642\"\/><input type=\"hidden\" name=\"svc_class\" value=\"\" id=\"svc_class_642\"\/><input type=\"hidden\" name=\"title\" value=\"\" id=\"title_642\"\/><input type=\"hidden\" name=\"filter\" value=\"\" id=\"filter_642\"\/><input type=\"hidden\" name=\"filter_type\" value=\"dropdown\" id=\"filter_type_642\"\/><input type=\"hidden\" name=\"count_display\" value=\"\" id=\"count_display_642\"\/><input type=\"hidden\" name=\"sort_filter\" value=\"\" id=\"sort_filter_642\"\/><input type=\"hidden\" name=\"grid_columns_count_for_desktop\" value=\"svc-col-md-6\" id=\"grid_columns_count_for_desktop_642\"\/><input type=\"hidden\" name=\"grid_columns_count_for_tablet\" value=\"svc-col-sm-6\" id=\"grid_columns_count_for_tablet_642\"\/><input type=\"hidden\" name=\"grid_columns_count_for_mobile\" value=\"svc-col-xs-12\" id=\"grid_columns_count_for_mobile_642\"\/><input type=\"hidden\" name=\"grid_link_target\" value=\"sw\" id=\"grid_link_target_642\"\/><input type=\"hidden\" name=\"grid_thumb_size\" value=\"full\" id=\"grid_thumb_size_642\"\/><input type=\"hidden\" name=\"effect\" value=\"\" id=\"effect_642\"\/><input type=\"hidden\" name=\"dimg_popup\" value=\"\" id=\"dimg_popup_642\"\/><input type=\"hidden\" name=\"dpost_popup\" value=\"\" id=\"dpost_popup_642\"\/><input type=\"hidden\" name=\"popup_bgcolor\" value=\"\" id=\"popup_bgcolor_642\"\/><input type=\"hidden\" name=\"popup_line_color\" value=\"\" id=\"popup_line_color_642\"\/><input type=\"hidden\" name=\"popup_max_width\" value=\"600\" id=\"popup_max_width_642\"\/><input type=\"hidden\" name=\"dfeatured\" value=\"\" id=\"dfeatured_642\"\/><input type=\"hidden\" name=\"dcategory\" value=\"\" id=\"dcategory_642\"\/><input type=\"hidden\" name=\"dexcerpt\" value=\"\" id=\"dexcerpt_642\"\/><input type=\"hidden\" name=\"svc_excerpt_length\" value=\"60\" id=\"svc_excerpt_length_642\"\/><input type=\"hidden\" name=\"dmeta_data\" value=\"yes\" id=\"dmeta_data_642\"\/><input type=\"hidden\" name=\"dsocial\" value=\"yes\" id=\"dsocial_642\"\/><input type=\"hidden\" name=\"read_more\" value=\"mehr erfahren\" id=\"read_more_642\"\/><input type=\"hidden\" name=\"car_loadmore_text\" value=\"\" id=\"car_loadmore_text_642\"\/><input type=\"hidden\" name=\"synced\" value=\"\" id=\"synced_642\"\/><input type=\"hidden\" name=\"car_display_item\" value=\"4\" id=\"car_display_item_642\"\/><input type=\"hidden\" name=\"hide_showmore\" value=\"\" id=\"hide_showmore_642\"\/><input type=\"hidden\" name=\"load_more\" value=\"loadmore\" id=\"load_more_642\"\/><input type=\"hidden\" name=\"loadmore_text\" value=\"\" id=\"loadmore_text_642\"\/><input type=\"hidden\" name=\"car_autoplay\" value=\"\" id=\"car_autoplay_642\"\/><input type=\"hidden\" name=\"car_autoplay_time\" value=\"5\" id=\"car_autoplay_time_642\"\/><input type=\"hidden\" name=\"car_pagination\" value=\"\" id=\"car_pagination_642\"\/><input type=\"hidden\" name=\"car_navigation\" value=\"\" id=\"car_navigation_642\"\/><input type=\"hidden\" name=\"car_pagination_num\" value=\"\" id=\"car_pagination_num_642\"\/><input type=\"hidden\" name=\"car_transition\" value=\"\" id=\"car_transition_642\"\/><input type=\"hidden\" name=\"synced_display\" value=\"10\" id=\"synced_display_642\"\/><input type=\"hidden\" name=\"popup_effect\" value=\"\" id=\"popup_effect_642\"\/><input type=\"hidden\" name=\"grid_layout_mode\" value=\"fitRows\" id=\"grid_layout_mode_642\"\/>\t\t<input type=\"hidden\" name=\"_wpnonce \" value=\"74437\"\/>\n\t\t<input type=\"hidden\" name=\"paged\" value=\"1\" id=\"svc_paged_642\"\/>\n\t\t<input type=\"hidden\" name=\"total_paged\" value=\"3\" id=\"svc_total_paged_642\"\/>\n\t<\/form>\n\t\t<div class=\"load_more_main_div \">\n\t\t<nav id=\"svc_infinite\" class=\"svc_infinite_642\">\n\t\t  <div class=\"loading-spinner\">\n\t\t\t<div class=\"ui-spinner\">\n\t\t\t  <span class=\"side side-left\">\n\t\t\t\t<span class=\"fill\"><\/span>\n\t\t\t  <\/span>\n\t\t\t  <span class=\"side side-right\">\n\t\t\t\t<span class=\"fill\"><\/span>\n\t\t\t  <\/span>\n\t\t\t<\/div>\n\t\t  <\/div>\n\t\t  <p><a href=\"\/page\/1\/\" class=\"svc_load_more_642 load-more-link\" rel=\"642\">Show More<\/a><\/p>\n\t\t<\/nav>\n\t<\/div>\n\t<input type=\"hidden\" id=\"svc_infinite_642\" value=\"0\" \/>\n\t\t\t<\/div>    \n\t<\/div>\n\t<script>\n\tvar wl = jQuery(window);\n\tjQuery(document).ready(function(){\n\t\tjQuery('.svc_load_more_642').click(function(event) {\n\t\t\tevent.preventDefault(event);\n\t\t\tjQuery('nav.svc_infinite_642 p').css('visibility','hidden');\n\t\t\tjQuery('nav.svc_infinite_642 div.loading-spinner').show();\n\t\t\tvar div_position=jQuery('#svc_form_load_more_642').position().top;\n\t\t\tjQuery('#svc_paged_642').val(Number(jQuery('#svc_paged_642').val())+1);\n\t\n\t\t\tvar params=jQuery('#svc_form_load_more_642').serialize();\n\t\t\tjQuery.ajax({\n\t\t\t\ttype: 'POST',\n\t\t\t\turl: 'https:\/\/www.laufclub-badkreuznach.de\/wp-admin\/admin-ajax.php',\n\t\t\t\tdata:  params+'&action=svc_layout_post',\n\t\t\t\tsuccess: function(response) {\n\t\t\t\t\t\t\t\t\tisotop_callback(response,'');\n\t\t\t\t\t\t\t\t}\n\t\t\t});\n\t\t});\n\t\t\n\t\t\t\n\t\t\t\n\t\tvar container = jQuery('#svc_post_grid_642').imagesLoaded( function() {\n\t\t\tjQuery('#svc_post_grid_list_container_642').show();\n\t\t\tjQuery('#svc_mask_642').hide();\n\t\t\tsvc_imag_animation();\n\t\t\tcontainer.isotope({\n\t\t\t  itemSelector: '.element-item',\n\t\t\t  \t\t\t  filter: '*',\n\t\t\t  \t\t\t  layoutMode: 'fitRows',\n\t\t\t  \t\t\t});\n\t\t\t\/\/var ic = 0;\n\t\t\t\/\/var ci = setInterval(function(){container.isotope();if(ic>10){clearInterval(ci);}ic++;},400);\n\t\t});\n\t\t\n\t\t\n\t\t\t\tvar filters = {};\n\t\t\t\tjQuery('#svc_categories_filter_6420').ddslick({\n\t\t\tonSelected: function(selectedData){\n\t\t\t\t\/\/var filterValue = selectedData.selectedData.value;\n\t\t\t\tvar filterValue = '';\n\t\t\t\tjQuery('.filter_child_divs_642').each(function(){\n\t\t\t\t\tvar v = jQuery(this).children('div').children('div').children('.dd-selected-value').val();\n\t\t\t\t\tif(typeof v != 'undefined' && v != '*'){\n\t\t\t\t\t\tfilterValue += v;\n\t\t\t\t\t}\n\t\t\t\t});\n\n  \t\t\t\tif(filterValue == '**' || filterValue == ''){\n\t\t\t\t\tfilterValue = '*';\n\t\t\t\t}\n\t\t\t\t\n\t\t\t\tcontainer.isotope({ filter: filterValue }).isotope();\n\t\t\t}   \n\t\t});\n\t\t\t\tjQuery('#svc_categories_filter_6421').ddslick({\n\t\t\tonSelected: function(selectedData){\n\t\t\t\t\/\/var filterValue = selectedData.selectedData.value;\n\t\t\t\tvar filterValue = '';\n\t\t\t\tjQuery('.filter_child_divs_642').each(function(){\n\t\t\t\t\tvar v = jQuery(this).children('div').children('div').children('.dd-selected-value').val();\n\t\t\t\t\tif(typeof v != 'undefined' && v != '*'){\n\t\t\t\t\t\tfilterValue += v;\n\t\t\t\t\t}\n\t\t\t\t});\n\n  \t\t\t\tif(filterValue == '**' || filterValue == ''){\n\t\t\t\t\tfilterValue = '*';\n\t\t\t\t}\n\t\t\t\t\n\t\t\t\tcontainer.isotope({ filter: filterValue }).isotope();\n\t\t\t}   \n\t\t});\n\t\t\t\t\n\t\tfunction isotop_callback(response,view_filter){\n\t\t\tvar res = jQuery(response);\n\t\t\tres.imagesLoaded( function() {\n\t\t\t\tif(view_filter == 'yes'){\n\t\t\t\t\tcontainer.html('');\n\t\t\t\t}\n\t\t\t\t\t\t\t\tcontainer.isotope({transformsEnabled: false,isResizeBound: false,transitionDuration: 0}).isotope( 'insert',jQuery( response ) ).isotope({transformsEnabled: false,isResizeBound: false,transitionDuration: '0.8s'});\n\t\t\tsvc_imag_animation();\n\t\t\t\/\/var ic = 0;\n\t\t\t\/\/var ci = setInterval(function(){container.isotope();if(ic>8){clearInterval(ci);}ic++;},400);\n\t\t\t\t\n\t\t\t\tjQuery('#svc_infinite_642').val('0');\n\t\t\t\tif(jQuery('#svc_paged_642').val() == jQuery('#svc_total_paged_642').val()){\n\t\t\t\t\tjQuery('nav.svc_infinite_642').hide();\n\t\t\t\t\tjQuery('#svc_infinite_642').val('1');\n\t\t\t\t}\n\t\t\t\tjQuery('nav.svc_infinite_642 p').css('visibility','visible');\n\t\t\t\tjQuery('nav.svc_infinite_642 div.loading-spinner').hide(); \n\t\t\t\tjQuery('.svc_highres_642').magnificPopup({\n\t\t\t\t  type: 'image',\n\t\t\t\t  closeOnContentClick: false,\n\t\t\t\t  closeBtnInside: false\n\t\t\t\t});\n\t\t\t\t\n\t\t\t\tjQuery('.ajax-popup-link-642').magnificPopup({\n\t\t\t\t  type: 'ajax',\n\t\t\t\t  closeBtnInside:false,\n\t\t\t\t  \t\t\t\t});\n\t\t\t});\n\t\t}\n\tjQuery('.svc_highres_642').magnificPopup({\n\t\t  type: 'image',\n\t\t  closeOnContentClick: false,\n\t\t  closeBtnInside: false\n\t\t});\n\t\tjQuery('.ajax-popup-link-642').magnificPopup({\n\t\t  type: 'ajax',\n\t\t  closeBtnInside:false,\n\t\t  \t\t});\n\t});\n\t<\/script>\n[\/vc_cta][\/vc_column][\/vc_row][vc_row][vc_column][vc_empty_space][\/vc_column][\/vc_row][vc_row css=&#8220;.vc_custom_1476798720175{margin-right: 10px !important;margin-left: 30px !important;}&#8220;][vc_column][vc_cta h2=&#8220;kommende Termine&#8220;]\n\t\t<div class=\"eventlist \"  style=\"height:100%;overflow:hidden \">\n\t\t<div class=\"timeline-event\">\n\t<div class=\"two-block\" style=\"\">\n\t\t\t\t\t\t\t\t\t<div class=\"timeline1\" >\n\t\t\t\t\t\t\t\t\t<div class=\"row-fluid\" >\n\t\t\t\t\t\t\t\t\t\t<div class=\"span12\">\n\t\t\t\t\t\t\t\t\t\t\t\t<span class=\"dot\"><span><\/span><\/span>\n\t\t\t\t\t\t\t\t\t\t\t\t\t<div class=\"postleft\" style=\"\">\n\t\t\t\t\t\t\t\t\t\t\t\t\t  <div class=\"rt-image\" style=\"\">\n\t\t\t\t\t\t\t\t\t\t\t\t\t\t<span class=\"big-date\"  >01<\/span>\n\t\t\t\t\t\t\t\t\t\t\t\t\t\t<span class=\"small-date\" >Jan.<\/span>\n\t\t\t\t\t\t\t\t\t\t\t\t\t  <\/div>\n\t\t\t\t\t\t\t\t\t\t\t\t\t<\/div>\n\t\t\t\t\t\t\n\t\t\t\t\t\t\t\t\t\t\t\t<div>\n\t\t\t\t\t\t\t\t\t\t\t\t\t<div class=\"title\" >\n\t\t\t\t\t\t\t\t\t\t\t\t\t<span class=\"event_title\"><a href=\"https:\/\/www.laufclub-badkreuznach.de\/?tribe_events=lauftreff\" >Lauftreff auf dem Kuhberg<\/a><\/span>\n\t\t\t\t\t\t\t\t\t\t\t\t\t<\/br>\n\t\t\t\t\t\t\t\t\t\t\t\t\t<span class=\"rt-date-posted\"><span class=\"icon-time\">\n\t\t\t\t\t\t\t\t\t\t\t\t\t&nbsp;&nbsp;Start:&nbsp;&nbsp;1. Januar 2017&nbsp;&nbsp;-&nbsp;&nbsp;End:&nbsp;&nbsp;1. Januar 2017<\/span><\/span>\n\t\t\t\t\t\t\t\t\t\t\t\t\t<\/br>\n\t\t\t\t\t\t\t\t\t\t\t\t\t<span class=\"rt-date-posted\"><span class=\"icon-map-marker\">\t\n\t\t\t\t\t\t\t\t\t\t\t\t\t&nbsp;&nbsp;&nbsp;Venue:&nbsp;&nbsp;Freizeitgel\u00e4nde Kuhberg , Rheingrafenstra\u00dfe 904 , Bad Kreuznach , Deutschland<\/span><\/span>\n\t\t\t\t\t\t\t\t\t\t\t\t\t<\/br>\n\t\t\t\t\t\t\t\t\t\t\t\t\t<span class=\"cte\">Jeden Sonntag und Feiertag treffen wir uns um 9:00 Uhr, auf dem Waldparkplatz gegen\u00fcber vom Forsthaus Spreidel zum gemeinsamen Laufen\/Walken.. Im Anschluss an den Lauftreff gehts dann zum gem\u00fctlichen Teil<\/span>\n\t\t\t\t\t\t\t\t\t\t\t\t\t<\/div>\n\t\t\t\t\t\t\t\t\t\t\t\t\t<span class=\"line\"><\/span>\n\t\t\t\t\t\t\t\t\t\t\t\t<\/div>\n\t\t\t\t\t\t\t\t\t\t<\/div>\n\t\t\t\t\t\t\t\t\t<\/div>\n\t\t\t\t\t\t\t\t\t<\/div>\n\t\t\t\t\t\t\t\t\t<\/div><div class=\"two-block\" style=\"\">\n\t\t\t\t\t\t\t\t\t<div class=\"timeline1\" >\n\t\t\t\t\t\t\t\t\t<div class=\"row-fluid\" >\n\t\t\t\t\t\t\t\t\t\t<div class=\"span12\">\n\t\t\t\t\t\t\t\t\t\t\t\t<span class=\"dot\"><span><\/span><\/span>\n\t\t\t\t\t\t\t\t\t\t\t\t\t<div class=\"postleft\" style=\"\">\n\t\t\t\t\t\t\t\t\t\t\t\t\t  <div class=\"rt-image\" style=\"\">\n\t\t\t\t\t\t\t\t\t\t\t\t\t\t<span class=\"big-date\"  >12<\/span>\n\t\t\t\t\t\t\t\t\t\t\t\t\t\t<span class=\"small-date\" >Jan.<\/span>\n\t\t\t\t\t\t\t\t\t\t\t\t\t  <\/div>\n\t\t\t\t\t\t\t\t\t\t\t\t\t<\/div>\n\t\t\t\t\t\t\n\t\t\t\t\t\t\t\t\t\t\t\t<div>\n\t\t\t\t\t\t\t\t\t\t\t\t\t<div class=\"title\" >\n\t\t\t\t\t\t\t\t\t\t\t\t\t<span class=\"event_title\"><a href=\"https:\/\/www.laufclub-badkreuznach.de\/?tribe_events=rennradfahren-2\" >Rennradfahren<\/a><\/span>\n\t\t\t\t\t\t\t\t\t\t\t\t\t<\/br>\n\t\t\t\t\t\t\t\t\t\t\t\t\t<span class=\"rt-date-posted\"><span class=\"icon-time\">\n\t\t\t\t\t\t\t\t\t\t\t\t\t&nbsp;&nbsp;Start:&nbsp;&nbsp;12. Januar 2017&nbsp;&nbsp;-&nbsp;&nbsp;End:&nbsp;&nbsp;12. Januar 2017<\/span><\/span>\n\t\t\t\t\t\t\t\t\t\t\t\t\t<\/br>\n\t\t\t\t\t\t\t\t\t\t\t\t\t<span class=\"rt-date-posted\"><span class=\"icon-map-marker\">\t\n\t\t\t\t\t\t\t\t\t\t\t\t\t&nbsp;&nbsp;&nbsp;Venue:&nbsp;&nbsp;Teufelsbr\u00fccke ,  , Bad Kreuznach , Deutschland<\/span><\/span>\n\t\t\t\t\t\t\t\t\t\t\t\t\t<\/br>\n\t\t\t\t\t\t\t\t\t\t\t\t\t<span class=\"cte\">Unsere Rennradgruppe trifft sich\u00a0in der Regel immer Donnerstags ab 17:30 Uhr zu lockeren Trainings-\/ und Ausfahrten unterschiedlicher L\u00e4nge (40 km\u00a0&#8211; 60 km), je nach Wetterlage und Stimmung innerhalb der Gruppe.<\/span>\n\t\t\t\t\t\t\t\t\t\t\t\t\t<\/div>\n\t\t\t\t\t\t\t\t\t\t\t\t\t<span class=\"line\"><\/span>\n\t\t\t\t\t\t\t\t\t\t\t\t<\/div>\n\t\t\t\t\t\t\t\t\t\t<\/div>\n\t\t\t\t\t\t\t\t\t<\/div>\n\t\t\t\t\t\t\t\t\t<\/div>\n\t\t\t\t\t\t\t\t\t<\/div><div class=\"two-block\" style=\"\">\n\t\t\t\t\t\t\t\t\t<div class=\"timeline1\" >\n\t\t\t\t\t\t\t\t\t<div class=\"row-fluid\" >\n\t\t\t\t\t\t\t\t\t\t<div class=\"span12\">\n\t\t\t\t\t\t\t\t\t\t\t\t<span class=\"dot\"><span><\/span><\/span>\n\t\t\t\t\t\t\t\t\t\t\t\t\t<div class=\"postleft\" style=\"\">\n\t\t\t\t\t\t\t\t\t\t\t\t\t  <div class=\"rt-image\" style=\"\">\n\t\t\t\t\t\t\t\t\t\t\t\t\t\t<span class=\"big-date\"  >12<\/span>\n\t\t\t\t\t\t\t\t\t\t\t\t\t\t<span class=\"small-date\" >Aug.<\/span>\n\t\t\t\t\t\t\t\t\t\t\t\t\t  <\/div>\n\t\t\t\t\t\t\t\t\t\t\t\t\t<\/div>\n\t\t\t\t\t\t\n\t\t\t\t\t\t\t\t\t\t\t\t<div>\n\t\t\t\t\t\t\t\t\t\t\t\t\t<div class=\"title\" >\n\t\t\t\t\t\t\t\t\t\t\t\t\t<span class=\"event_title\"><a href=\"https:\/\/www.laufclub-badkreuznach.de\/?tribe_events=sommerfest-lc-80\" >Sommerfest LC 80<\/a><\/span>\n\t\t\t\t\t\t\t\t\t\t\t\t\t<\/br>\n\t\t\t\t\t\t\t\t\t\t\t\t\t<span class=\"rt-date-posted\"><span class=\"icon-time\">\n\t\t\t\t\t\t\t\t\t\t\t\t\t&nbsp;&nbsp;Start:&nbsp;&nbsp;12. August 2017&nbsp;&nbsp;-&nbsp;&nbsp;End:&nbsp;&nbsp;12. August 2017<\/span><\/span>\n\t\t\t\t\t\t\t\t\t\t\t\t\t<\/br>\n\t\t\t\t\t\t\t\t\t\t\t\t\t<span class=\"rt-date-posted\"><span class=\"icon-map-marker\">\t\n\t\t\t\t\t\t\t\t\t\t\t\t\t&nbsp;&nbsp;&nbsp;Venue:&nbsp;&nbsp; ,  ,  , <\/span><\/span>\n\t\t\t\t\t\t\t\t\t\t\t\t\t<\/br>\n\t\t\t\t\t\t\t\t\t\t\t\t\t<span class=\"cte\">Sommerfest f\u00fcr alle Mitglieder und Anhang am Grillplatz vorm Waldheim mit open end \ud83d\ude42<\/span>\n\t\t\t\t\t\t\t\t\t\t\t\t\t<\/div>\n\t\t\t\t\t\t\t\t\t\t\t\t\t<span class=\"line\"><\/span>\n\t\t\t\t\t\t\t\t\t\t\t\t<\/div>\n\t\t\t\t\t\t\t\t\t\t<\/div>\n\t\t\t\t\t\t\t\t\t<\/div>\n\t\t\t\t\t\t\t\t\t<\/div>\n\t\t\t\t\t\t\t\t\t<\/div><div class=\"two-block\" style=\"\">\n\t\t\t\t\t\t\t\t\t<div class=\"timeline1\" >\n\t\t\t\t\t\t\t\t\t<div class=\"row-fluid\" >\n\t\t\t\t\t\t\t\t\t\t<div class=\"span12\">\n\t\t\t\t\t\t\t\t\t\t\t\t<span class=\"dot\"><span><\/span><\/span>\n\t\t\t\t\t\t\t\t\t\t\t\t\t<div class=\"postleft\" style=\"\">\n\t\t\t\t\t\t\t\t\t\t\t\t\t  <div class=\"rt-image\" style=\"\">\n\t\t\t\t\t\t\t\t\t\t\t\t\t\t<span class=\"big-date\"  >17<\/span>\n\t\t\t\t\t\t\t\t\t\t\t\t\t\t<span class=\"small-date\" >Aug.<\/span>\n\t\t\t\t\t\t\t\t\t\t\t\t\t  <\/div>\n\t\t\t\t\t\t\t\t\t\t\t\t\t<\/div>\n\t\t\t\t\t\t\n\t\t\t\t\t\t\t\t\t\t\t\t<div>\n\t\t\t\t\t\t\t\t\t\t\t\t\t<div class=\"title\" >\n\t\t\t\t\t\t\t\t\t\t\t\t\t<span class=\"event_title\"><a href=\"https:\/\/www.laufclub-badkreuznach.de\/?tribe_events=jahrmarkt-2018\" >Jahrmarkt 2017<\/a><\/span>\n\t\t\t\t\t\t\t\t\t\t\t\t\t<\/br>\n\t\t\t\t\t\t\t\t\t\t\t\t\t<span class=\"rt-date-posted\"><span class=\"icon-time\">\n\t\t\t\t\t\t\t\t\t\t\t\t\t&nbsp;&nbsp;Start:&nbsp;&nbsp;17. August 2017&nbsp;&nbsp;-&nbsp;&nbsp;End:&nbsp;&nbsp;17. August 2017<\/span><\/span>\n\t\t\t\t\t\t\t\t\t\t\t\t\t<\/br>\n\t\t\t\t\t\t\t\t\t\t\t\t\t<span class=\"rt-date-posted\"><span class=\"icon-map-marker\">\t\n\t\t\t\t\t\t\t\t\t\t\t\t\t&nbsp;&nbsp;&nbsp;Venue:&nbsp;&nbsp; ,  ,  , <\/span><\/span>\n\t\t\t\t\t\t\t\t\t\t\t\t\t<\/br>\n\t\t\t\t\t\t\t\t\t\t\t\t\t<span class=\"cte\">gemeinsamer Jahrmarktsbesuch, Treffen um 19:00 Uhr beim Weingut Anheuser<\/span>\n\t\t\t\t\t\t\t\t\t\t\t\t\t<\/div>\n\t\t\t\t\t\t\t\t\t\t\t\t\t<span class=\"line\"><\/span>\n\t\t\t\t\t\t\t\t\t\t\t\t<\/div>\n\t\t\t\t\t\t\t\t\t\t<\/div>\n\t\t\t\t\t\t\t\t\t<\/div>\n\t\t\t\t\t\t\t\t\t<\/div>\n\t\t\t\t\t\t\t\t\t<\/div><div class=\"two-block\" style=\"\">\n\t\t\t\t\t\t\t\t\t<div class=\"timeline1\" >\n\t\t\t\t\t\t\t\t\t<div class=\"row-fluid\" >\n\t\t\t\t\t\t\t\t\t\t<div class=\"span12\">\n\t\t\t\t\t\t\t\t\t\t\t\t<span class=\"dot\"><span><\/span><\/span>\n\t\t\t\t\t\t\t\t\t\t\t\t\t<div class=\"postleft\" style=\"\">\n\t\t\t\t\t\t\t\t\t\t\t\t\t  <div class=\"rt-image\" style=\"\">\n\t\t\t\t\t\t\t\t\t\t\t\t\t\t<span class=\"big-date\"  >15<\/span>\n\t\t\t\t\t\t\t\t\t\t\t\t\t\t<span class=\"small-date\" >Apr.<\/span>\n\t\t\t\t\t\t\t\t\t\t\t\t\t  <\/div>\n\t\t\t\t\t\t\t\t\t\t\t\t\t<\/div>\n\t\t\t\t\t\t\n\t\t\t\t\t\t\t\t\t\t\t\t<div>\n\t\t\t\t\t\t\t\t\t\t\t\t\t<div class=\"title\" >\n\t\t\t\t\t\t\t\t\t\t\t\t\t<span class=\"event_title\"><a href=\"https:\/\/www.laufclub-badkreuznach.de\/?tribe_events=werner-beisiegel-gedaechtnislauf\" >Werner Beisiegel Ged\u00e4chtnislauf<\/a><\/span>\n\t\t\t\t\t\t\t\t\t\t\t\t\t<\/br>\n\t\t\t\t\t\t\t\t\t\t\t\t\t<span class=\"rt-date-posted\"><span class=\"icon-time\">\n\t\t\t\t\t\t\t\t\t\t\t\t\t&nbsp;&nbsp;Start:&nbsp;&nbsp;15. April 2018&nbsp;&nbsp;-&nbsp;&nbsp;End:&nbsp;&nbsp;15. April 2018<\/span><\/span>\n\t\t\t\t\t\t\t\t\t\t\t\t\t<\/br>\n\t\t\t\t\t\t\t\t\t\t\t\t\t<span class=\"rt-date-posted\"><span class=\"icon-map-marker\">\t\n\t\t\t\t\t\t\t\t\t\t\t\t\t&nbsp;&nbsp;&nbsp;Venue:&nbsp;&nbsp; ,  ,  , <\/span><\/span>\n\t\t\t\t\t\t\t\t\t\t\t\t\t<\/br>\n\t\t\t\t\t\t\t\t\t\t\t\t\t<span class=\"cte\">Der Lauf findet in diesem Jahr am\u00a009.04.2017\u00a0statt. Start und Ziel ist wie in den vergangenen Jahren auf der Friedensbr\u00fccke in Ebernburg. Das Meldeb\u00fcro und Startnummernausgabe ist in der Realschule Plus<\/span>\n\t\t\t\t\t\t\t\t\t\t\t\t\t<\/div>\n\t\t\t\t\t\t\t\t\t\t\t\t\t<span class=\"line\"><\/span>\n\t\t\t\t\t\t\t\t\t\t\t\t<\/div>\n\t\t\t\t\t\t\t\t\t\t<\/div>\n\t\t\t\t\t\t\t\t\t<\/div>\n\t\t\t\t\t\t\t\t\t<\/div>\n\t\t\t\t\t\t\t\t\t<\/div>\n\t<\/div>\n\t<\/div>\n\t[\/vc_cta][\/vc_column][\/vc_row]<\/p>\n<\/div>","protected":false},"excerpt":{"rendered":"<p>[vc_row][vc_column][vc_column_text][\/vc_column_text][\/vc_column][\/vc_row][vc_row gap=&#8220;35&#8243; content_placement=&#8220;middle&#8220; paddingtop=&#8220;0&#8243; paddingbottom=&#8220;0&#8243; css=&#8220;.vc_custom_1474563465901{margin-top: 0px !important;margin-right: 0px !important;margin-bottom: 0px !important;margin-left: 0px !important;border-bottom-width: 0px !important;padding-right: 0px !important;padding-left: 0px !important;}&#8220;][vc_column css=&#8220;.vc_custom_1426673113843{padding-top: 0px !important;padding-right: 0px !important;padding-bottom: 0px !important;padding-left: 0px !important;}&#8220;][vc_column_text][\/vc_column_text][\/vc_column][\/vc_row][vc_row gap=&#8220;35&#8243;<\/p>\n","protected":false},"author":4,"featured_media":5971,"parent":0,"menu_order":0,"comment_status":"closed","ping_status":"closed","template":"page-templates\/front-page.php","meta":{"footnotes":""},"class_list":["post-2970","page","type-page","status-publish","has-post-thumbnail","hentry"],"_links":{"self":[{"href":"https:\/\/www.laufclub-badkreuznach.de\/index.php?rest_route=\/wp\/v2\/pages\/2970","targetHints":{"allow":["GET"]}}],"collection":[{"href":"https:\/\/www.laufclub-badkreuznach.de\/index.php?rest_route=\/wp\/v2\/pages"}],"about":[{"href":"https:\/\/www.laufclub-badkreuznach.de\/index.php?rest_route=\/wp\/v2\/types\/page"}],"author":[{"embeddable":true,"href":"https:\/\/www.laufclub-badkreuznach.de\/index.php?rest_route=\/wp\/v2\/users\/4"}],"replies":[{"embeddable":true,"href":"https:\/\/www.laufclub-badkreuznach.de\/index.php?rest_route=%2Fwp%2Fv2%2Fcomments&post=2970"}],"version-history":[{"count":0,"href":"https:\/\/www.laufclub-badkreuznach.de\/index.php?rest_route=\/wp\/v2\/pages\/2970\/revisions"}],"wp:featuredmedia":[{"embeddable":true,"href":"https:\/\/www.laufclub-badkreuznach.de\/index.php?rest_route=\/wp\/v2\/media\/5971"}],"wp:attachment":[{"href":"https:\/\/www.laufclub-badkreuznach.de\/index.php?rest_route=%2Fwp%2Fv2%2Fmedia&parent=2970"}],"curies":[{"name":"wp","href":"https:\/\/api.w.org\/{rel}","templated":true}]}}